{"id":44,"date":"2013-11-22T12:29:55","date_gmt":"2013-11-22T12:29:55","guid":{"rendered":"https:\/\/www.sallejoven.es\/?page_id=44"},"modified":"2017-04-23T10:52:16","modified_gmt":"2017-04-23T10:52:16","slug":"andalucia","status":"publish","type":"page","link":"https:\/\/www.sallejoven.es\/?page_id=44","title":{"rendered":"Andaluc\u00eda"},"content":{"rendered":"<p><a href=\"https:\/\/www.sallejoven.es\/wp-content\/uploads\/2013\/11\/Sector-Andaluc\u00eda.png\"><img loading=\"lazy\" decoding=\"async\" class=\"alignnone size-medium wp-image-25\" src=\"https:\/\/www.sallejoven.es\/wp-content\/uploads\/2013\/11\/Sector-Andaluc\u00eda-300x143.png\" alt=\"Sector Andaluc\u00eda\" width=\"300\" height=\"143\" srcset=\"https:\/\/www.sallejoven.es\/wp-content\/uploads\/2013\/11\/Sector-Andaluc\u00eda-300x143.png 300w, https:\/\/www.sallejoven.es\/wp-content\/uploads\/2013\/11\/Sector-Andaluc\u00eda.png 494w\" sizes=\"auto, (max-width: 300px) 100vw, 300px\" \/><\/a><\/p>\n<p><strong>Salle Joven Andaluc\u00eda<\/strong> es una asociaci\u00f3n juvenil, de \u00e1mbito regional y que siguiendo la experiencia pastoral y educativa de la Congregaci\u00f3n de los Hermanos de las Escuelas Cristianas, pretende ofrecer a los ni\u00f1os, adolescentes y j\u00f3venes una serie de servicios de cara a contribuir al desarrollo integral de su personalidad y promocionar su formaci\u00f3n humana y social, de acuerdo con los principios e ideas de San Juan Bautista de La Salle.<\/p>\n<p>Salle Joven Andaluc\u00ed\u00ada cuenta con una delegaci\u00f3n local en cada uno de los colegios de La Salle en Andaluc\u00ed\u00ada, d\u00e1ndose a conocer a todos los lasalianos de la regi\u00f3n.<\/p>\n<p>\u00bfQui\u00e9nes forman la Junta de Salle Joven?<\/p>\n<ul>\n<li>Daniel Jim\u00e9nez (Presidente)<\/li>\n<li>Mar\u00ed\u00ada Eugenia V\u00e1zquez (Vicepresidenta)<\/li>\n<li>\u00c1lvaro Dom\u00ednguez (Secretario)<\/li>\n<li>Jos\u00e9 Manuel Helmo (Tesorero)<\/li>\n<li>Antonio Cornejo (Vocal)<\/li>\n<li>Javier Souto (Vocal)<\/li>\n<li>Jos\u00e9 Aliaga (Vocal)<\/li>\n<li>Virginia Verdugo\u00a0(Vocal)<\/li>\n<li>Hno. Vicente Ru\u00edz (Asesor)<\/li>\n<\/ul>\n<p>Grupos Scouts Andaluc\u00eda<\/p>\n<p>&nbsp;<\/p>\n<ul>\n<li style=\"list-style-type: none;\">\n<ul>\n<li id=\"module-1582\"><a href=\"http:\/\/scoutlasallepr.org\" target=\"_blank\" rel=\"noopener noreferrer\">Grupo Scout La Salle Puerto Real<\/a>\u00a0 \u00a0 \u00a0 \u00a0 \u00a0 <a href=\"http:\/\/scoutlasallepr.org\/\"><img loading=\"lazy\" decoding=\"async\" class=\"alignnone wp-image-382\" src=\"https:\/\/www.sallejoven.es\/wp-content\/uploads\/2013\/11\/GS-LaSallePR.jpg\" alt=\"\" width=\"188\" height=\"72\" srcset=\"https:\/\/www.sallejoven.es\/wp-content\/uploads\/2013\/11\/GS-LaSallePR.jpg 415w, https:\/\/www.sallejoven.es\/wp-content\/uploads\/2013\/11\/GS-LaSallePR-250x96.jpg 250w, https:\/\/www.sallejoven.es\/wp-content\/uploads\/2013\/11\/GS-LaSallePR-150x57.jpg 150w\" sizes=\"auto, (max-width: 188px) 100vw, 188px\" \/><\/a><\/li>\n<li><a href=\"http:\/\/gslasalle.es\/\">Grupo Scout La Salle C\u00f3rdoba\u00a0<\/a>\u00a0 \u00a0 \u00a0 \u00a0 \u00a0 \u00a0 \u00a0 \u00a0 \u00a0<img loading=\"lazy\" decoding=\"async\" class=\"wp-image-388  alignnone\" src=\"https:\/\/www.sallejoven.es\/wp-content\/uploads\/2013\/11\/GSLaSalleC\u00f3r-550x412.png\" alt=\"\" width=\"93\" height=\"70\" srcset=\"https:\/\/www.sallejoven.es\/wp-content\/uploads\/2013\/11\/GSLaSalleC\u00f3r-550x412.png 550w, https:\/\/www.sallejoven.es\/wp-content\/uploads\/2013\/11\/GSLaSalleC\u00f3r-768x575.png 768w, https:\/\/www.sallejoven.es\/wp-content\/uploads\/2013\/11\/GSLaSalleC\u00f3r.png 1024w, https:\/\/www.sallejoven.es\/wp-content\/uploads\/2013\/11\/GSLaSalleC\u00f3r-200x150.png 200w, https:\/\/www.sallejoven.es\/wp-content\/uploads\/2013\/11\/GSLaSalleC\u00f3r-150x112.png 150w\" sizes=\"auto, (max-width: 93px) 100vw, 93px\" \/><\/li>\n<li><a href=\"http:\/\/www.gruposcoutlasalle.es\/\">Grupo Scout La Salle Jerez\u00a0<\/a>\u00a0 \u00a0 \u00a0 \u00a0 \u00a0 \u00a0 \u00a0 \u00a0 \u00a0 \u00a0 \u00a0 \u00a0\u00a0<a href=\"http:\/\/www.gruposcoutlasalle.es\/\"><img loading=\"lazy\" decoding=\"async\" class=\"alignnone wp-image-390\" src=\"https:\/\/www.sallejoven.es\/wp-content\/uploads\/2013\/11\/GSLaSalleJerez-550x152.png\" alt=\"\" width=\"210\" height=\"58\" srcset=\"https:\/\/www.sallejoven.es\/wp-content\/uploads\/2013\/11\/GSLaSalleJerez-550x152.png 550w, https:\/\/www.sallejoven.es\/wp-content\/uploads\/2013\/11\/GSLaSalleJerez-768x212.png 768w, https:\/\/www.sallejoven.es\/wp-content\/uploads\/2013\/11\/GSLaSalleJerez-1024x283.png 1024w, https:\/\/www.sallejoven.es\/wp-content\/uploads\/2013\/11\/GSLaSalleJerez-250x69.png 250w, https:\/\/www.sallejoven.es\/wp-content\/uploads\/2013\/11\/GSLaSalleJerez-150x41.png 150w, https:\/\/www.sallejoven.es\/wp-content\/uploads\/2013\/11\/GSLaSalleJerez.png 1209w\" sizes=\"auto, (max-width: 210px) 100vw, 210px\" \/><\/a><\/li>\n<li><a href=\"http:\/\/scoutsanjose-jerez.blogspot.com.es\/\">Grupos Scout La Salle San Jos\u00e9-Jerez \u00a0<\/a>\u00a0 \u00a0\u00a0<a href=\"http:\/\/scoutsanjose-jerez.blogspot.com.es\/\"><img loading=\"lazy\" decoding=\"async\" class=\"alignnone wp-image-396\" src=\"https:\/\/www.sallejoven.es\/wp-content\/uploads\/2013\/11\/GSLaSalleSanJos\u00e9Jerez-1.jpg\" alt=\"\" width=\"130\" height=\"56\" srcset=\"https:\/\/www.sallejoven.es\/wp-content\/uploads\/2013\/11\/GSLaSalleSanJos\u00e9Jerez-1.jpg 399w, https:\/\/www.sallejoven.es\/wp-content\/uploads\/2013\/11\/GSLaSalleSanJos\u00e9Jerez-1-250x108.jpg 250w, https:\/\/www.sallejoven.es\/wp-content\/uploads\/2013\/11\/GSLaSalleSanJos\u00e9Jerez-1-150x65.jpg 150w\" sizes=\"auto, (max-width: 130px) 100vw, 130px\" \/><\/a><\/li>\n<li><a href=\"https:\/\/twitter.com\/GSmundonuevo\">Grupo Scout La Salle Mundo Nuevo\u00a0<\/a>\u00a0 \u00a0\u00a0 \u00a0 \u00a0<img loading=\"lazy\" decoding=\"async\" class=\"alignnone  wp-image-399\" src=\"https:\/\/www.sallejoven.es\/wp-content\/uploads\/2013\/11\/GSLaSalleMN.jpeg\" alt=\"\" width=\"88\" height=\"88\" srcset=\"https:\/\/www.sallejoven.es\/wp-content\/uploads\/2013\/11\/GSLaSalleMN.jpeg 400w, https:\/\/www.sallejoven.es\/wp-content\/uploads\/2013\/11\/GSLaSalleMN-150x150.jpeg 150w\" sizes=\"auto, (max-width: 88px) 100vw, 88px\" \/><\/li>\n<\/ul>\n<\/li>\n<\/ul>\n<p>&nbsp;<\/p>\n<p>&nbsp;<\/p>\n<p>&nbsp;<\/p>\n<p>&nbsp;<\/p>\n<p>&nbsp;<\/p>\n<p>&nbsp;<\/p>\n<p>&nbsp;<\/p>\n<p>&nbsp;<\/p>\n<p>&nbsp;<\/p>\n<p>&nbsp;<\/p>\n<p>&nbsp;<\/p>\n<p>&nbsp;<\/p>\n<p>&nbsp;<\/p>\n<p>&nbsp;<\/p>\n<p>&nbsp;<\/p>\n<p>&nbsp;<\/p>\n<p>&nbsp;<\/p>\n<p>&nbsp;<\/p>\n<p>&nbsp;<\/p>\n<p>&nbsp;<\/p>\n<p>&nbsp;<\/p>\n<p>&nbsp;<\/p>\n","protected":false},"excerpt":{"rendered":"<p>Salle Joven Andaluc\u00eda es una asociaci\u00f3n juvenil, de \u00e1mbito regional y que siguiendo la experiencia pastoral y educativa de la Congregaci\u00f3n de los Hermanos de las Escuelas Cristianas, pretende ofrecer a los ni\u00f1os, adolescentes y j\u00f3venes una serie de servicios de cara a contribuir al desarrollo integral de su personalidad&#8230;<\/p>\n<p> <a class=\"continue-reading-link\" href=\"https:\/\/www.sallejoven.es\/?page_id=44\"><span>Leer m\u00e1s<\/span><i class=\"crycon-right-dir\"><\/i><\/a> <\/p>\n","protected":false},"author":1,"featured_media":0,"parent":0,"menu_order":0,"comment_status":"open","ping_status":"open","template":"","meta":{"footnotes":""},"class_list":["post-44","page","type-page","status-publish","hentry"],"_links":{"self":[{"href":"https:\/\/www.sallejoven.es\/index.php?rest_route=\/wp\/v2\/pages\/44","targetHints":{"allow":["GET"]}}],"collection":[{"href":"https:\/\/www.sallejoven.es\/index.php?rest_route=\/wp\/v2\/pages"}],"about":[{"href":"https:\/\/www.sallejoven.es\/index.php?rest_route=\/wp\/v2\/types\/page"}],"author":[{"embeddable":true,"href":"https:\/\/www.sallejoven.es\/index.php?rest_route=\/wp\/v2\/users\/1"}],"replies":[{"embeddable":true,"href":"https:\/\/www.sallejoven.es\/index.php?rest_route=%2Fwp%2Fv2%2Fcomments&post=44"}],"version-history":[{"count":10,"href":"https:\/\/www.sallejoven.es\/index.php?rest_route=\/wp\/v2\/pages\/44\/revisions"}],"predecessor-version":[{"id":400,"href":"https:\/\/www.sallejoven.es\/index.php?rest_route=\/wp\/v2\/pages\/44\/revisions\/400"}],"wp:attachment":[{"href":"https:\/\/www.sallejoven.es\/index.php?rest_route=%2Fwp%2Fv2%2Fmedia&parent=44"}],"curies":[{"name":"wp","href":"https:\/\/api.w.org\/{rel}","templated":true}]}}